{"id":68,"date":"2018-05-24T16:17:39","date_gmt":"2018-05-24T14:17:39","guid":{"rendered":"http:\/\/www.praxis-schwiese.de\/website\/?page_id=68"},"modified":"2019-10-05T18:36:46","modified_gmt":"2019-10-05T16:36:46","slug":"atemmuskelkraft","status":"publish","type":"page","link":"http:\/\/www.praxis-schwiese.de\/website\/leistungen\/lungenfunktion\/atemmuskelkraft\/","title":{"rendered":"Atemmuskelkraft"},"content":{"rendered":"<p>Zur Abkl\u00e4rung der verschiedenen Ursachen von Atemnot mu\u00df manchmal auch die Leistung der Atemmuskeln (das sind Muskeln des Brustkorbes u. der Zwerchfellmuskel) \u00fcberpr\u00fcft werden. Auch kann dabei ermittelt werden, wieviel Kraft f\u00fcr den Atemzug notwendig ist. Muskelerkrankungen aber auch bestimmte Wirbels\u00e4ulenerkrankungen k\u00f6nnen zu einer verminderten Atemkraft f\u00fchren.<\/p>\n","protected":false},"excerpt":{"rendered":"<p>Zur Abkl\u00e4rung der verschiedenen Ursachen von Atemnot mu\u00df manchmal auch die Leistung der Atemmuskeln (das sind Muskeln des Brustkorbes u. der Zwerchfellmuskel) \u00fcberpr\u00fcft werden. Auch kann dabei ermittelt werden, wieviel Kraft f\u00fcr den Atemzug notwendig ist. Muskelerkrankungen aber auch bestimmte Wirbels\u00e4ulenerkrankungen k\u00f6nnen zu einer verminderten Atemkraft f\u00fchren.<\/p>\n","protected":false},"author":1,"featured_media":0,"parent":59,"menu_order":0,"comment_status":"closed","ping_status":"closed","template":"","meta":{"site-sidebar-layout":"default","site-content-layout":"default","ast-global-header-display":"","ast-main-header-display":"","ast-hfb-above-header-display":"","ast-hfb-below-header-display":"","ast-hfb-mobile-header-display":"","site-post-title":"","ast-breadcrumbs-content":"","ast-featured-img":"","footer-sml-layout":"","theme-transparent-header-meta":"","adv-header-id-meta":"","stick-header-meta":"","header-above-stick-meta":"","header-main-stick-meta":"","header-below-stick-meta":"","footnotes":""},"categories":[5],"tags":[],"class_list":["post-68","page","type-page","status-publish","hentry","category-leistungen"],"yoast_head":"<!-- This site is optimized with the Yoast SEO plugin v19.7.1 - https:\/\/yoast.com\/wordpress\/plugins\/seo\/ -->\n<title>Atemmuskelkraft - Praxis Dr. med. J\u00fcrgen Schwiese<\/title>\n<meta name=\"robots\" content=\"index, follow, max-snippet:-1, max-image-preview:large, max-video-preview:-1\" \/>\n<link rel=\"canonical\" href=\"http:\/\/www.praxis-schwiese.de\/website\/leistungen\/lungenfunktion\/atemmuskelkraft\/\" \/>\n<meta property=\"og:locale\" content=\"de_DE\" \/>\n<meta property=\"og:type\" content=\"article\" \/>\n<meta property=\"og:title\" content=\"Atemmuskelkraft - Praxis Dr. med. J\u00fcrgen Schwiese\" \/>\n<meta property=\"og:description\" content=\"Zur Abkl\u00e4rung der verschiedenen Ursachen von Atemnot mu\u00df manchmal auch die Leistung der Atemmuskeln (das sind Muskeln des Brustkorbes u. der Zwerchfellmuskel) \u00fcberpr\u00fcft werden. Auch kann dabei ermittelt werden, wieviel Kraft f\u00fcr den Atemzug notwendig ist. Muskelerkrankungen aber auch bestimmte Wirbels\u00e4ulenerkrankungen k\u00f6nnen zu einer verminderten Atemkraft f\u00fchren.\" \/>\n<meta property=\"og:url\" content=\"http:\/\/www.praxis-schwiese.de\/website\/leistungen\/lungenfunktion\/atemmuskelkraft\/\" \/>\n<meta property=\"og:site_name\" content=\"Praxis Dr. med. J\u00fcrgen Schwiese\" \/>\n<meta property=\"article:modified_time\" content=\"2019-10-05T16:36:46+00:00\" \/>\n<meta name=\"twitter:card\" content=\"summary_large_image\" \/>\n<script type=\"application\/ld+json\" class=\"yoast-schema-graph\">{\"@context\":\"https:\/\/schema.org\",\"@graph\":[{\"@type\":\"WebPage\",\"@id\":\"http:\/\/www.praxis-schwiese.de\/website\/leistungen\/lungenfunktion\/atemmuskelkraft\/\",\"url\":\"http:\/\/www.praxis-schwiese.de\/website\/leistungen\/lungenfunktion\/atemmuskelkraft\/\",\"name\":\"Atemmuskelkraft - Praxis Dr. med. J\u00fcrgen Schwiese\",\"isPartOf\":{\"@id\":\"http:\/\/www.praxis-schwiese.de\/website\/#website\"},\"datePublished\":\"2018-05-24T14:17:39+00:00\",\"dateModified\":\"2019-10-05T16:36:46+00:00\",\"breadcrumb\":{\"@id\":\"http:\/\/www.praxis-schwiese.de\/website\/leistungen\/lungenfunktion\/atemmuskelkraft\/#breadcrumb\"},\"inLanguage\":\"de\",\"potentialAction\":[{\"@type\":\"ReadAction\",\"target\":[\"http:\/\/www.praxis-schwiese.de\/website\/leistungen\/lungenfunktion\/atemmuskelkraft\/\"]}]},{\"@type\":\"BreadcrumbList\",\"@id\":\"http:\/\/www.praxis-schwiese.de\/website\/leistungen\/lungenfunktion\/atemmuskelkraft\/#breadcrumb\",\"itemListElement\":[{\"@type\":\"ListItem\",\"position\":1,\"name\":\"Startseite\",\"item\":\"http:\/\/www.praxis-schwiese.de\/website\/\"},{\"@type\":\"ListItem\",\"position\":2,\"name\":\"Leistungen\",\"item\":\"http:\/\/www.praxis-schwiese.de\/website\/leistungen\/\"},{\"@type\":\"ListItem\",\"position\":3,\"name\":\"Lungenfunktion\",\"item\":\"http:\/\/www.praxis-schwiese.de\/website\/leistungen\/lungenfunktion\/\"},{\"@type\":\"ListItem\",\"position\":4,\"name\":\"Atemmuskelkraft\"}]},{\"@type\":\"WebSite\",\"@id\":\"http:\/\/www.praxis-schwiese.de\/website\/#website\",\"url\":\"http:\/\/www.praxis-schwiese.de\/website\/\",\"name\":\"Praxis Dr. med. J\u00fcrgen Schwiese\",\"description\":\"Facharztpraxis f\u00fcr Innere Medizin, Lungen- und Bronchialheilkunde, Allergologie\",\"publisher\":{\"@id\":\"http:\/\/www.praxis-schwiese.de\/website\/#organization\"},\"potentialAction\":[{\"@type\":\"SearchAction\",\"target\":{\"@type\":\"EntryPoint\",\"urlTemplate\":\"http:\/\/www.praxis-schwiese.de\/website\/?s={search_term_string}\"},\"query-input\":\"required name=search_term_string\"}],\"inLanguage\":\"de\"},{\"@type\":\"Organization\",\"@id\":\"http:\/\/www.praxis-schwiese.de\/website\/#organization\",\"name\":\"Praxis Dr. J\u00fcrgen Schwiese\",\"url\":\"http:\/\/www.praxis-schwiese.de\/website\/\",\"sameAs\":[],\"logo\":{\"@type\":\"ImageObject\",\"inLanguage\":\"de\",\"@id\":\"http:\/\/www.praxis-schwiese.de\/website\/#\/schema\/logo\/image\/\",\"url\":\"http:\/\/www.praxis-schwiese.de\/website\/wp-content\/uploads\/2019\/10\/header_250-1.png\",\"contentUrl\":\"http:\/\/www.praxis-schwiese.de\/website\/wp-content\/uploads\/2019\/10\/header_250-1.png\",\"width\":275,\"height\":91,\"caption\":\"Praxis Dr. J\u00fcrgen Schwiese\"},\"image\":{\"@id\":\"http:\/\/www.praxis-schwiese.de\/website\/#\/schema\/logo\/image\/\"}}]}<\/script>\n<!-- \/ Yoast SEO plugin. -->","yoast_head_json":{"title":"Atemmuskelkraft - Praxis Dr. med. J\u00fcrgen Schwiese","robots":{"index":"index","follow":"follow","max-snippet":"max-snippet:-1","max-image-preview":"max-image-preview:large","max-video-preview":"max-video-preview:-1"},"canonical":"http:\/\/www.praxis-schwiese.de\/website\/leistungen\/lungenfunktion\/atemmuskelkraft\/","og_locale":"de_DE","og_type":"article","og_title":"Atemmuskelkraft - Praxis Dr. med. J\u00fcrgen Schwiese","og_description":"Zur Abkl\u00e4rung der verschiedenen Ursachen von Atemnot mu\u00df manchmal auch die Leistung der Atemmuskeln (das sind Muskeln des Brustkorbes u. der Zwerchfellmuskel) \u00fcberpr\u00fcft werden. Auch kann dabei ermittelt werden, wieviel Kraft f\u00fcr den Atemzug notwendig ist. Muskelerkrankungen aber auch bestimmte Wirbels\u00e4ulenerkrankungen k\u00f6nnen zu einer verminderten Atemkraft f\u00fchren.","og_url":"http:\/\/www.praxis-schwiese.de\/website\/leistungen\/lungenfunktion\/atemmuskelkraft\/","og_site_name":"Praxis Dr. med. J\u00fcrgen Schwiese","article_modified_time":"2019-10-05T16:36:46+00:00","twitter_card":"summary_large_image","schema":{"@context":"https:\/\/schema.org","@graph":[{"@type":"WebPage","@id":"http:\/\/www.praxis-schwiese.de\/website\/leistungen\/lungenfunktion\/atemmuskelkraft\/","url":"http:\/\/www.praxis-schwiese.de\/website\/leistungen\/lungenfunktion\/atemmuskelkraft\/","name":"Atemmuskelkraft - Praxis Dr. med. J\u00fcrgen Schwiese","isPartOf":{"@id":"http:\/\/www.praxis-schwiese.de\/website\/#website"},"datePublished":"2018-05-24T14:17:39+00:00","dateModified":"2019-10-05T16:36:46+00:00","breadcrumb":{"@id":"http:\/\/www.praxis-schwiese.de\/website\/leistungen\/lungenfunktion\/atemmuskelkraft\/#breadcrumb"},"inLanguage":"de","potentialAction":[{"@type":"ReadAction","target":["http:\/\/www.praxis-schwiese.de\/website\/leistungen\/lungenfunktion\/atemmuskelkraft\/"]}]},{"@type":"BreadcrumbList","@id":"http:\/\/www.praxis-schwiese.de\/website\/leistungen\/lungenfunktion\/atemmuskelkraft\/#breadcrumb","itemListElement":[{"@type":"ListItem","position":1,"name":"Startseite","item":"http:\/\/www.praxis-schwiese.de\/website\/"},{"@type":"ListItem","position":2,"name":"Leistungen","item":"http:\/\/www.praxis-schwiese.de\/website\/leistungen\/"},{"@type":"ListItem","position":3,"name":"Lungenfunktion","item":"http:\/\/www.praxis-schwiese.de\/website\/leistungen\/lungenfunktion\/"},{"@type":"ListItem","position":4,"name":"Atemmuskelkraft"}]},{"@type":"WebSite","@id":"http:\/\/www.praxis-schwiese.de\/website\/#website","url":"http:\/\/www.praxis-schwiese.de\/website\/","name":"Praxis Dr. med. J\u00fcrgen Schwiese","description":"Facharztpraxis f\u00fcr Innere Medizin, Lungen- und Bronchialheilkunde, Allergologie","publisher":{"@id":"http:\/\/www.praxis-schwiese.de\/website\/#organization"},"potentialAction":[{"@type":"SearchAction","target":{"@type":"EntryPoint","urlTemplate":"http:\/\/www.praxis-schwiese.de\/website\/?s={search_term_string}"},"query-input":"required name=search_term_string"}],"inLanguage":"de"},{"@type":"Organization","@id":"http:\/\/www.praxis-schwiese.de\/website\/#organization","name":"Praxis Dr. J\u00fcrgen Schwiese","url":"http:\/\/www.praxis-schwiese.de\/website\/","sameAs":[],"logo":{"@type":"ImageObject","inLanguage":"de","@id":"http:\/\/www.praxis-schwiese.de\/website\/#\/schema\/logo\/image\/","url":"http:\/\/www.praxis-schwiese.de\/website\/wp-content\/uploads\/2019\/10\/header_250-1.png","contentUrl":"http:\/\/www.praxis-schwiese.de\/website\/wp-content\/uploads\/2019\/10\/header_250-1.png","width":275,"height":91,"caption":"Praxis Dr. J\u00fcrgen Schwiese"},"image":{"@id":"http:\/\/www.praxis-schwiese.de\/website\/#\/schema\/logo\/image\/"}}]}},"uagb_featured_image_src":{"full":false,"thumbnail":false,"medium":false,"medium_large":false,"large":false,"1536x1536":false,"2048x2048":false},"uagb_author_info":{"display_name":"rolfwin","author_link":"http:\/\/www.praxis-schwiese.de\/website\/author\/rolfwin\/"},"uagb_comment_info":0,"uagb_excerpt":"Zur Abkl\u00e4rung der verschiedenen Ursachen von Atemnot mu\u00df manchmal auch die Leistung der Atemmuskeln (das sind Muskeln des Brustkorbes u. der Zwerchfellmuskel) \u00fcberpr\u00fcft werden. Auch kann dabei ermittelt werden, wieviel Kraft f\u00fcr den Atemzug notwendig ist. Muskelerkrankungen aber auch bestimmte Wirbels\u00e4ulenerkrankungen k\u00f6nnen zu einer verminderten Atemkraft f\u00fchren.","_links":{"self":[{"href":"http:\/\/www.praxis-schwiese.de\/website\/wp-json\/wp\/v2\/pages\/68","targetHints":{"allow":["GET"]}}],"collection":[{"href":"http:\/\/www.praxis-schwiese.de\/website\/wp-json\/wp\/v2\/pages"}],"about":[{"href":"http:\/\/www.praxis-schwiese.de\/website\/wp-json\/wp\/v2\/types\/page"}],"author":[{"embeddable":true,"href":"http:\/\/www.praxis-schwiese.de\/website\/wp-json\/wp\/v2\/users\/1"}],"replies":[{"embeddable":true,"href":"http:\/\/www.praxis-schwiese.de\/website\/wp-json\/wp\/v2\/comments?post=68"}],"version-history":[{"count":1,"href":"http:\/\/www.praxis-schwiese.de\/website\/wp-json\/wp\/v2\/pages\/68\/revisions"}],"predecessor-version":[{"id":69,"href":"http:\/\/www.praxis-schwiese.de\/website\/wp-json\/wp\/v2\/pages\/68\/revisions\/69"}],"up":[{"embeddable":true,"href":"http:\/\/www.praxis-schwiese.de\/website\/wp-json\/wp\/v2\/pages\/59"}],"wp:attachment":[{"href":"http:\/\/www.praxis-schwiese.de\/website\/wp-json\/wp\/v2\/media?parent=68"}],"wp:term":[{"taxonomy":"category","embeddable":true,"href":"http:\/\/www.praxis-schwiese.de\/website\/wp-json\/wp\/v2\/categories?post=68"},{"taxonomy":"post_tag","embeddable":true,"href":"http:\/\/www.praxis-schwiese.de\/website\/wp-json\/wp\/v2\/tags?post=68"}],"curies":[{"name":"wp","href":"https:\/\/api.w.org\/{rel}","templated":true}]}}